{"id":2881,"date":"2016-08-30T23:44:00","date_gmt":"2016-08-30T23:44:00","guid":{"rendered":"http:\/\/revhoteles.com\/areias-brancas\/?page_id=2881"},"modified":"2024-07-22T17:56:26","modified_gmt":"2024-07-22T17:56:26","slug":"acomodacoes","status":"publish","type":"page","link":"https:\/\/areiasbrancaspousada.com.br\/es\/acomodacoes\/","title":{"rendered":"Acomoda\u00e7\u00f5es"},"content":{"rendered":"<div id=\"pl-2881\"  class=\"panel-layout\" ><div id=\"pg-2881-0\"  class=\"panel-grid panel-no-style\" ><div id=\"pgc-2881-0-0\"  class=\"panel-grid-cell\" ><div id=\"panel-2881-0-0-0\" class=\"so-panel widget widget_icon-box panel-first-child panel-last-child\" data-index=\"0\" ><div class=\"thim-widget-icon-box thim-widget-icon-box-base\"><div class=\"wrapper-box-icon text-center   wrapper-line-heading\" ><div class=\"smicon-box iconbox-top\"><div class=\"content-inner\" ><div class=\"sc-heading article_heading\"><h3 class = \"heading__primary\" >Confort y descansa<\/h3><span class=\"line-heading\"><span><\/span><\/span><\/div><div class=\"desc-icon-box\"><div ><p>Areias brancas cuenta con 24 c\u00f3modas habitaciones con ba\u00f1o privado. <\/p><\/div><\/div><\/div><\/div><!--end smicon-box--><\/div><\/div><\/div><\/div><\/div><div id=\"pg-2881-1\"  class=\"panel-grid panel-no-style\" ><div id=\"pgc-2881-1-0\"  class=\"panel-grid-cell\" ><div id=\"panel-2881-1-0-0\" class=\"so-panel widget widget_icon-box panel-first-child panel-last-child\" data-index=\"1\" ><div class=\"thim-widget-icon-box thim-widget-icon-box-base\"><div class=\"wrapper-box-icon has_custom_image has_read_more text-center box_shadow_icon \"  data-icon-border=\"#d15030\"><div class=\"smicon-box iconbox-top\"><div class=\"boxes-icon\" style=\"background-color: #d15030;border-color:#d15030;width: 370px;height: 370px;\"><span class=\"inner-icon\"><span class=\"icon icon-images\"><img src=\"https:\/\/areiasbrancaspousada.com.br\/wp-content\/uploads\/2024\/07\/stdduplo01.jpg\" alt=\"stdduplo01\" title=\"stdduplo01\" ><\/span><\/span><\/div><div class=\"content-inner\" ><div class=\"sc-heading article_heading\"><h3 class = \"heading__primary\" style=\"color: #d15030;\">Habitaci\u00f3n Doble Est\u00e1ndar<\/h3><\/div><div class=\"desc-icon-box\"><div ><p>Habitaciones est\u00e1ndar en el Ala 1, primer y segundo piso, y en el primer piso del Ala 2. Aire acondicionado, TV Smart, frigobar y ba\u00f1o privado.<\/p><\/br><\/div><a class=\"smicon-read sc-btn\" href=\"http:\/\/areiasbrancaspousada.com.br\/rooms\/quarto-duplo\/\"  >Saiba mais<\/a><\/div><\/div><\/div><!--end smicon-box--><\/div><\/div><\/div><\/div><div id=\"pgc-2881-1-1\"  class=\"panel-grid-cell\" ><div id=\"panel-2881-1-1-0\" class=\"so-panel widget widget_icon-box panel-first-child panel-last-child\" data-index=\"2\" ><div class=\"thim-widget-icon-box thim-widget-icon-box-base\"><div class=\"wrapper-box-icon has_custom_image has_read_more text-center box_shadow_icon \"  data-icon-border=\"#d15030\"><div class=\"smicon-box iconbox-top\"><div class=\"boxes-icon\" style=\"background-color: #d15030;border-color:#d15030;width: 370px;height: 370px;\"><span class=\"inner-icon\"><span class=\"icon icon-images\"><img src=\"https:\/\/areiasbrancaspousada.com.br\/wp-content\/uploads\/2024\/07\/stdtriple01.jpg\" alt=\"stdtriple01\" title=\"stdtriple01\" ><\/span><\/span><\/div><div class=\"content-inner\" ><div class=\"sc-heading article_heading\"><h3 class = \"heading__primary\" style=\"color: #d15030;\">Habitaci\u00f3n Triple Estandar<\/h3><\/div><div class=\"desc-icon-box\"><div ><p>Habitaci\u00f3n triple con Aire acondicionado, TV Smart, frigobar y ba\u00f1o privado.<\/p><\/br><\/div><a class=\"smicon-read sc-btn\" href=\"http:\/\/areiasbrancaspousada.com.br\/rooms\/quarto-triplo\/\"  >Saber m\u00e1s<\/a><\/div><\/div><\/div><!--end smicon-box--><\/div><\/div><\/div><\/div><\/div><div id=\"pg-2881-2\"  class=\"panel-grid panel-no-style\" ><div id=\"pgc-2881-2-0\"  class=\"panel-grid-cell\" ><div id=\"panel-2881-2-0-0\" class=\"so-panel widget widget_icon-box panel-first-child panel-last-child\" data-index=\"3\" ><div class=\"thim-widget-icon-box thim-widget-icon-box-base\"><div class=\"wrapper-box-icon has_custom_image has_read_more text-center box_shadow_icon \"  data-icon-border=\"#d15030\"><div class=\"smicon-box iconbox-top\"><div class=\"boxes-icon\" style=\"background-color: #d15030;border-color:#d15030;width: 370px;height: 370px;\"><span class=\"inner-icon\"><span class=\"icon icon-images\"><img src=\"https:\/\/areiasbrancaspousada.com.br\/wp-content\/uploads\/2024\/07\/supduplo06-1.jpg\" alt=\"supduplo06\" title=\"supduplo06\" ><\/span><\/span><\/div><div class=\"content-inner\" ><div class=\"sc-heading article_heading\"><h3 class = \"heading__primary\" style=\"color: #d15030;\">Habitaci\u00f3n Doble Superior<\/h3><\/div><div class=\"desc-icon-box\"><div ><p>Habitaci\u00f3n superior matrimonial o twin en el segundo piso del Ala 1 y en el primer y segundo piso del Ala 2.<\/p><\/br><\/div><a class=\"smicon-read sc-btn\" href=\"http:\/\/areiasbrancaspousada.com.br\/rooms\/quarto-duplo\/\"  >Saiba mais<\/a><\/div><\/div><\/div><!--end smicon-box--><\/div><\/div><\/div><\/div><div id=\"pgc-2881-2-1\"  class=\"panel-grid-cell\" ><div id=\"panel-2881-2-1-0\" class=\"so-panel widget widget_icon-box panel-first-child panel-last-child\" data-index=\"4\" ><div class=\"thim-widget-icon-box thim-widget-icon-box-base\"><div class=\"wrapper-box-icon has_custom_image has_read_more text-center box_shadow_icon \"  data-icon-border=\"#d15030\"><div class=\"smicon-box iconbox-top\"><div class=\"boxes-icon\" style=\"background-color: #d15030;border-color:#d15030;width: 370px;height: 370px;\"><span class=\"inner-icon\"><span class=\"icon icon-images\"><img src=\"https:\/\/areiasbrancaspousada.com.br\/wp-content\/uploads\/2024\/07\/suptriple01.jpg\" alt=\"suptriple01\" title=\"suptriple01\" ><\/span><\/span><\/div><div class=\"content-inner\" ><div class=\"sc-heading article_heading\"><h3 class = \"heading__primary\" style=\"color: #d15030;\">Habitaci\u00f3n Triple Superior<\/h3><\/div><div class=\"desc-icon-box\"><div ><p>Habitaci\u00f3n en el primer piso del Ala 2, con una cama matrimonial y una individual. Cuenta con TV Smart, Aire acondicionado, frigobar y ba\u00f1o privado.<\/p><\/br><\/div><a class=\"smicon-read sc-btn\" href=\"http:\/\/areiasbrancaspousada.com.br\/rooms\/quarto-triplo\/\"  >Saber m\u00e1s<\/a><\/div><\/div><\/div><!--end smicon-box--><\/div><\/div><\/div><\/div><\/div><div id=\"pg-2881-3\"  class=\"panel-grid panel-no-style\" ><div id=\"pgc-2881-3-0\"  class=\"panel-grid-cell panel-grid-cell-mobile-last\" ><div id=\"panel-2881-3-0-0\" class=\"so-panel widget widget_icon-box panel-first-child panel-last-child\" data-index=\"5\" ><div class=\"thim-widget-icon-box thim-widget-icon-box-base\"><div class=\"wrapper-box-icon has_custom_image has_read_more text-center box_shadow_icon \"  data-icon-border=\"#d15030\"><div class=\"smicon-box iconbox-top\"><div class=\"boxes-icon\" style=\"background-color: #d15030;border-color:#d15030;width: 370px;height: 370px;\"><span class=\"inner-icon\"><span class=\"icon icon-images\"><img src=\"https:\/\/areiasbrancaspousada.com.br\/wp-content\/uploads\/2024\/07\/supquad07.jpg\" alt=\"supquad07\" title=\"supquad07\" ><\/span><\/span><\/div><div class=\"content-inner\" ><div class=\"sc-heading article_heading\"><h3 class = \"heading__primary\" style=\"color: #d15030;\">Habitaci\u00f3n Cu\u00e1druple Superior<\/h3><\/div><div class=\"desc-icon-box\"><div ><p>Habitaci\u00f3n en el segundo piso del Ala 2, con una cama matrimonial y dos camas extra. Cuenta con Aire acondicionado, TV Smart, frigobar y ba\u00f1o privado. <\/p><\/br><\/div><a class=\"smicon-read sc-btn\" href=\"http:\/\/areiasbrancaspousada.com.br\/rooms\/quarto-quadruplo\/\"  >Saiba mais<\/a><\/div><\/div><\/div><!--end smicon-box--><\/div><\/div><\/div><\/div><div id=\"pgc-2881-3-1\"  class=\"panel-grid-cell panel-grid-cell-empty\" ><\/div><\/div><\/div>","protected":false},"excerpt":{"rendered":"<p>Confort y descansaAreias brancas cuenta con 24 c\u00f3modas habitaciones con ba\u00f1o privado. Habitaci\u00f3n Doble Est\u00e1ndarHabitaciones est\u00e1ndar en el Ala 1, <\/p>\n","protected":false},"author":1,"featured_media":0,"parent":0,"menu_order":0,"comment_status":"closed","ping_status":"closed","template":"","meta":[],"aioseo_notices":[],"_links":{"self":[{"href":"https:\/\/areiasbrancaspousada.com.br\/es\/wp-json\/wp\/v2\/pages\/2881"}],"collection":[{"href":"https:\/\/areiasbrancaspousada.com.br\/es\/wp-json\/wp\/v2\/pages"}],"about":[{"href":"https:\/\/areiasbrancaspousada.com.br\/es\/wp-json\/wp\/v2\/types\/page"}],"author":[{"embeddable":true,"href":"https:\/\/areiasbrancaspousada.com.br\/es\/wp-json\/wp\/v2\/users\/1"}],"replies":[{"embeddable":true,"href":"https:\/\/areiasbrancaspousada.com.br\/es\/wp-json\/wp\/v2\/comments?post=2881"}],"version-history":[{"count":23,"href":"https:\/\/areiasbrancaspousada.com.br\/es\/wp-json\/wp\/v2\/pages\/2881\/revisions"}],"predecessor-version":[{"id":3349,"href":"https:\/\/areiasbrancaspousada.com.br\/es\/wp-json\/wp\/v2\/pages\/2881\/revisions\/3349"}],"wp:attachment":[{"href":"https:\/\/areiasbrancaspousada.com.br\/es\/wp-json\/wp\/v2\/media?parent=2881"}],"curies":[{"name":"wp","href":"https:\/\/api.w.org\/{rel}","templated":true}]}}